{"id":1060,"date":"2026-04-25T17:35:44","date_gmt":"2026-04-25T15:35:44","guid":{"rendered":"https:\/\/kreativsalon-berlin.de\/?page_id=1060"},"modified":"2026-04-27T12:54:37","modified_gmt":"2026-04-27T10:54:37","slug":"open-salon","status":"publish","type":"page","link":"https:\/\/kreativsalon-berlin.de\/es\/open-salon\/","title":{"rendered":"OPEN SALON DONNERSTAGS"},"content":{"rendered":"<style>.kb-row-layout-id1060_bc45f0-bc > .kt-row-column-wrap{align-content:start;}:where(.kb-row-layout-id1060_bc45f0-bc > .kt-row-column-wrap) > .wp-block-kadence-column{justify-content:start;}.kb-row-layout-id1060_bc45f0-bc > .kt-row-column-wrap{column-gap:var(--global-kb-gap-md, 2rem);row-gap:var(--global-kb-gap-md, 2rem);padding-top:var(--global-kb-spacing-sm, 1.5rem);padding-bottom:var(--global-kb-spacing-sm, 1.5rem);grid-template-columns:minmax(0, 1fr);}.kb-row-layout-id1060_bc45f0-bc > .kt-row-layout-overlay{opacity:0.30;}@media all and (max-width: 1024px){.kb-row-layout-id1060_bc45f0-bc > .kt-row-column-wrap{grid-template-columns:minmax(0, 1fr);}}@media all and (max-width: 767px){.kb-row-layout-id1060_bc45f0-bc > .kt-row-column-wrap{grid-template-columns:minmax(0, 1fr);}}<\/style><div class=\"kb-row-layout-wrap kb-row-layout-id1060_bc45f0-bc alignnone wp-block-kadence-rowlayout\"><div class=\"kt-row-column-wrap kt-has-1-columns kt-row-layout-equal kt-tab-layout-inherit kt-mobile-layout-row kt-row-valign-top\">\n<style>.kadence-column1060_c63294-4e > .kt-inside-inner-col,.kadence-column1060_c63294-4e > .kt-inside-inner-col:before{border-top-left-radius:0px;border-top-right-radius:0px;border-bottom-right-radius:0px;border-bottom-left-radius:0px;}.kadence-column1060_c63294-4e > .kt-inside-inner-col{column-gap:var(--global-kb-gap-sm, 1rem);}.kadence-column1060_c63294-4e > .kt-inside-inner-col{flex-direction:column;}.kadence-column1060_c63294-4e > .kt-inside-inner-col > .aligncenter{width:100%;}.kadence-column1060_c63294-4e > .kt-inside-inner-col:before{opacity:0.3;}.kadence-column1060_c63294-4e{position:relative;}@media all and (max-width: 1024px){.kadence-column1060_c63294-4e > .kt-inside-inner-col{flex-direction:column;justify-content:center;}}@media all and (max-width: 767px){.kadence-column1060_c63294-4e > .kt-inside-inner-col{flex-direction:column;justify-content:center;}}<\/style>\n<div class=\"wp-block-kadence-column kadence-column1060_c63294-4e\"><div class=\"kt-inside-inner-col\">\n<figure class=\"wp-block-image size-large\"><img loading=\"lazy\" decoding=\"async\" width=\"1024\" height=\"672\" src=\"https:\/\/kreativsalon-berlin.de\/wp-content\/uploads\/2026\/04\/Open-Salon-donnerstags--1024x672.webp\" alt=\"Kreative Nachmittage im Kreativ Salon - Open Salon - Frei gestalten\" class=\"wp-image-1083\" srcset=\"https:\/\/kreativsalon-berlin.de\/wp-content\/uploads\/2026\/04\/Open-Salon-donnerstags--1024x672.webp 1024w, https:\/\/kreativsalon-berlin.de\/wp-content\/uploads\/2026\/04\/Open-Salon-donnerstags--300x197.webp 300w, https:\/\/kreativsalon-berlin.de\/wp-content\/uploads\/2026\/04\/Open-Salon-donnerstags--768x504.webp 768w, https:\/\/kreativsalon-berlin.de\/wp-content\/uploads\/2026\/04\/Open-Salon-donnerstags--18x12.webp 18w, https:\/\/kreativsalon-berlin.de\/wp-content\/uploads\/2026\/04\/Open-Salon-donnerstags-.webp 1178w\" sizes=\"auto, (max-width: 1024px) 100vw, 1024px\" \/><\/figure>\n<\/div><\/div>\n\n<\/div><\/div>\n\n<style>.wp-block-kadence-advancedheading.kt-adv-heading1060_e45163-90, .wp-block-kadence-advancedheading.kt-adv-heading1060_e45163-90[data-kb-block=\"kb-adv-heading1060_e45163-90\"]{font-style:normal;}.wp-block-kadence-advancedheading.kt-adv-heading1060_e45163-90 mark.kt-highlight, .wp-block-kadence-advancedheading.kt-adv-heading1060_e45163-90[data-kb-block=\"kb-adv-heading1060_e45163-90\"] mark.kt-highlight{font-style:normal;color:#f76a0c;-webkit-box-decoration-break:clone;box-decoration-break:clone;padding-top:0px;padding-right:0px;padding-bottom:0px;padding-left:0px;}.wp-block-kadence-advancedheading.kt-adv-heading1060_e45163-90 img.kb-inline-image, .wp-block-kadence-advancedheading.kt-adv-heading1060_e45163-90[data-kb-block=\"kb-adv-heading1060_e45163-90\"] img.kb-inline-image{width:150px;vertical-align:baseline;}<\/style>\n<h2 class=\"kt-adv-heading1060_e45163-90 wp-block-kadence-advancedheading\" data-kb-block=\"kb-adv-heading1060_e45163-90\">OPEN SALON &#8211; Kreativ werden in Gemeinschaft<\/h2>\n\n\n\n<p><em>Ein offener Kreativabend im Kreativ Salon Berlin<\/em>.<\/p>\n\n\n<style>.kb-row-layout-id1060_834487-66 > .kt-row-column-wrap{align-content:start;}:where(.kb-row-layout-id1060_834487-66 > .kt-row-column-wrap) > .wp-block-kadence-column{justify-content:start;}.kb-row-layout-id1060_834487-66 > .kt-row-column-wrap{column-gap:var(--global-kb-gap-md, 2rem);row-gap:var(--global-kb-gap-md, 2rem);padding-top:var(--global-kb-spacing-sm, 1.5rem);padding-bottom:var(--global-kb-spacing-sm, 1.5rem);grid-template-columns:minmax(0, 1fr);}.kb-row-layout-id1060_834487-66 > .kt-row-layout-overlay{opacity:0.30;}@media all and (max-width: 1024px){.kb-row-layout-id1060_834487-66 > .kt-row-column-wrap{grid-template-columns:minmax(0, 1fr);}}@media all and (max-width: 767px){.kb-row-layout-id1060_834487-66 > .kt-row-column-wrap{grid-template-columns:minmax(0, 1fr);}}<\/style><div class=\"kb-row-layout-wrap kb-row-layout-id1060_834487-66 alignnone wp-block-kadence-rowlayout\"><div class=\"kt-row-column-wrap kt-has-1-columns kt-row-layout-equal kt-tab-layout-inherit kt-mobile-layout-row kt-row-valign-top\">\n<style>.kadence-column1060_3a583d-38 > .kt-inside-inner-col,.kadence-column1060_3a583d-38 > .kt-inside-inner-col:before{border-top-left-radius:0px;border-top-right-radius:0px;border-bottom-right-radius:0px;border-bottom-left-radius:0px;}.kadence-column1060_3a583d-38 > .kt-inside-inner-col{column-gap:var(--global-kb-gap-sm, 1rem);}.kadence-column1060_3a583d-38 > .kt-inside-inner-col{flex-direction:column;}.kadence-column1060_3a583d-38 > .kt-inside-inner-col > .aligncenter{width:100%;}.kadence-column1060_3a583d-38 > .kt-inside-inner-col:before{opacity:0.3;}.kadence-column1060_3a583d-38{position:relative;}@media all and (max-width: 1024px){.kadence-column1060_3a583d-38 > .kt-inside-inner-col{flex-direction:column;justify-content:center;}}@media all and (max-width: 767px){.kadence-column1060_3a583d-38 > .kt-inside-inner-col{flex-direction:column;justify-content:center;}}<\/style>\n<div class=\"wp-block-kadence-column kadence-column1060_3a583d-38\"><div class=\"kt-inside-inner-col\"><style>.wp-block-kadence-iconlist.kt-svg-icon-list-items1060_33748b-c1:not(.this-stops-third-party-issues){margin-top:0px;margin-bottom:0px;}.wp-block-kadence-iconlist.kt-svg-icon-list-items1060_33748b-c1 ul.kt-svg-icon-list:not(.this-prevents-issues):not(.this-stops-third-party-issues):not(.tijsloc){margin-top:0px;margin-right:0px;margin-bottom:var(--global-kb-spacing-sm, 1.5rem);margin-left:0px;}.wp-block-kadence-iconlist.kt-svg-icon-list-items1060_33748b-c1 ul.kt-svg-icon-list{grid-row-gap:5px;}.wp-block-kadence-iconlist.kt-svg-icon-list-items1060_33748b-c1 ul.kt-svg-icon-list .kt-svg-icon-list-item-wrap .kt-svg-icon-list-single{margin-right:10px;}.kt-svg-icon-list-items1060_33748b-c1 ul.kt-svg-icon-list .kt-svg-icon-list-level-0 .kt-svg-icon-list-single svg{font-size:20px;}<\/style>\n<div class=\"wp-block-kadence-iconlist kt-svg-icon-list-items kt-svg-icon-list-items1060_33748b-c1 kt-svg-icon-list-columns-1 alignnone\"><ul class=\"kt-svg-icon-list\"><style>.kt-svg-icon-list-item-1060_aa9323-f7 .kt-svg-icon-list-text mark.kt-highlight{background-color:unset;font-style:normal;color:#f76a0c;-webkit-box-decoration-break:clone;box-decoration-break:clone;padding-top:0px;padding-right:0px;padding-bottom:0px;padding-left:0px;}<\/style>\n<li class=\"wp-block-kadence-listitem kt-svg-icon-list-item-wrap kt-svg-icon-list-item-1060_aa9323-f7\"><span class=\"kb-svg-icon-wrap kb-svg-icon-fe_checkCircle kt-svg-icon-list-single\"><svg viewBox=\"0 0 24 24\"  fill=\"none\" stroke=\"currentColor\" stroke-width=\"2\" stroke-linecap=\"round\" stroke-linejoin=\"round\" xmlns=\"http:\/\/www.w3.org\/2000\/svg\"  aria-hidden=\"true\"><path d=\"M22 11.08V12a10 10 0 1 1-5.93-9.14\"\/><polyline points=\"22 4 12 14.01 9 11.01\"\/><\/svg><\/span><span class=\"kt-svg-icon-list-text\">DATUM: Donnerstags, ab 30.04.2026, 16:30 &#8211; 19:00 h<\/span><\/li>\n\n\n<style>.kt-svg-icon-list-item-1060_77241c-5f .kt-svg-icon-list-text mark.kt-highlight{background-color:unset;font-style:normal;color:#f76a0c;-webkit-box-decoration-break:clone;box-decoration-break:clone;padding-top:0px;padding-right:0px;padding-bottom:0px;padding-left:0px;}<\/style>\n<li class=\"wp-block-kadence-listitem kt-svg-icon-list-item-wrap kt-svg-icon-list-item-1060_77241c-5f\"><span class=\"kb-svg-icon-wrap kb-svg-icon-fe_checkCircle kt-svg-icon-list-single\"><svg viewBox=\"0 0 24 24\"  fill=\"none\" stroke=\"currentColor\" stroke-width=\"2\" stroke-linecap=\"round\" stroke-linejoin=\"round\" xmlns=\"http:\/\/www.w3.org\/2000\/svg\"  aria-hidden=\"true\"><path d=\"M22 11.08V12a10 10 0 1 1-5.93-9.14\"\/><polyline points=\"22 4 12 14.01 9 11.01\"\/><\/svg><\/span><span class=\"kt-svg-icon-list-text\">DAUER: Jeden Donnerstag im April und Mai (14.05. f\u00e4llt aus!!!)<\/span><\/li>\n\n\n<style>.kt-svg-icon-list-item-1060_1b08a1-f3 .kt-svg-icon-list-text mark.kt-highlight{background-color:unset;font-style:normal;color:#f76a0c;-webkit-box-decoration-break:clone;box-decoration-break:clone;padding-top:0px;padding-right:0px;padding-bottom:0px;padding-left:0px;}<\/style>\n<li class=\"wp-block-kadence-listitem kt-svg-icon-list-item-wrap kt-svg-icon-list-item-1060_1b08a1-f3\"><span class=\"kb-svg-icon-wrap kb-svg-icon-fe_checkCircle kt-svg-icon-list-single\"><svg viewBox=\"0 0 24 24\"  fill=\"none\" stroke=\"currentColor\" stroke-width=\"2\" stroke-linecap=\"round\" stroke-linejoin=\"round\" xmlns=\"http:\/\/www.w3.org\/2000\/svg\"  aria-hidden=\"true\"><path d=\"M22 11.08V12a10 10 0 1 1-5.93-9.14\"\/><polyline points=\"22 4 12 14.01 9 11.01\"\/><\/svg><\/span><span class=\"kt-svg-icon-list-text\">ORGANISATORIN: Esther  <\/span><\/li>\n\n\n<style>.kt-svg-icon-list-item-1060_f70bf1-e6 .kt-svg-icon-list-text mark.kt-highlight{background-color:unset;font-style:normal;color:#f76a0c;-webkit-box-decoration-break:clone;box-decoration-break:clone;padding-top:0px;padding-right:0px;padding-bottom:0px;padding-left:0px;}<\/style>\n<li class=\"wp-block-kadence-listitem kt-svg-icon-list-item-wrap kt-svg-icon-list-item-1060_f70bf1-e6\"><span class=\"kb-svg-icon-wrap kb-svg-icon-fe_checkCircle kt-svg-icon-list-single\"><svg viewBox=\"0 0 24 24\"  fill=\"none\" stroke=\"currentColor\" stroke-width=\"2\" stroke-linecap=\"round\" stroke-linejoin=\"round\" xmlns=\"http:\/\/www.w3.org\/2000\/svg\"  aria-hidden=\"true\"><path d=\"M22 11.08V12a10 10 0 1 1-5.93-9.14\"\/><polyline points=\"22 4 12 14.01 9 11.01\"\/><\/svg><\/span><span class=\"kt-svg-icon-list-text\">ORT: KREATIV SALON | Solmsstr. 41 | 10961 Berlin. <\/span><\/li>\n\n\n<style>.kt-svg-icon-list-item-1060_ec50c0-f0 .kt-svg-icon-list-text mark.kt-highlight{background-color:unset;font-style:normal;color:#f76a0c;-webkit-box-decoration-break:clone;box-decoration-break:clone;padding-top:0px;padding-right:0px;padding-bottom:0px;padding-left:0px;}<\/style>\n<li class=\"wp-block-kadence-listitem kt-svg-icon-list-item-wrap kt-svg-icon-list-item-1060_ec50c0-f0\"><span class=\"kb-svg-icon-wrap kb-svg-icon-fe_checkCircle kt-svg-icon-list-single\"><svg viewBox=\"0 0 24 24\"  fill=\"none\" stroke=\"currentColor\" stroke-width=\"2\" stroke-linecap=\"round\" stroke-linejoin=\"round\" xmlns=\"http:\/\/www.w3.org\/2000\/svg\"  aria-hidden=\"true\"><path d=\"M22 11.08V12a10 10 0 1 1-5.93-9.14\"\/><polyline points=\"22 4 12 14.01 9 11.01\"\/><\/svg><\/span><span class=\"kt-svg-icon-list-text\">GEB\u00dcHR: Spende &#8211; Dein Beitrag entspricht dem Wert, den du mitnimmst und hilft, den Salon lebendig zu halten.<\/span><\/li>\n\n\n<style>.kt-svg-icon-list-item-1060_850aa9-1a .kt-svg-icon-list-text mark.kt-highlight{background-color:unset;font-style:normal;color:#f76a0c;-webkit-box-decoration-break:clone;box-decoration-break:clone;padding-top:0px;padding-right:0px;padding-bottom:0px;padding-left:0px;}<\/style>\n<li class=\"wp-block-kadence-listitem kt-svg-icon-list-item-wrap kt-svg-icon-list-item-1060_850aa9-1a\"><span class=\"kb-svg-icon-wrap kb-svg-icon-fe_checkCircle kt-svg-icon-list-single\"><svg viewBox=\"0 0 24 24\"  fill=\"none\" stroke=\"currentColor\" stroke-width=\"2\" stroke-linecap=\"round\" stroke-linejoin=\"round\" xmlns=\"http:\/\/www.w3.org\/2000\/svg\"  aria-hidden=\"true\"><path d=\"M22 11.08V12a10 10 0 1 1-5.93-9.14\"\/><polyline points=\"22 4 12 14.01 9 11.01\"\/><\/svg><\/span><span class=\"kt-svg-icon-list-text\">ANMELDUNG: Erforderlich per E-Mail bis 24 Std. im Voraus.  <br>Bitte gib an, welches Material und welches Projekt du mitbringst, damit wir gen\u00fcgend Platz und eine passende Atmosph\u00e4re vorbereiten k\u00f6nnen.<br>salon@kreativsalon-berlin.de<\/span><\/li>\n\n\n<style>.kt-svg-icon-list-item-1060_31a9ae-51 .kt-svg-icon-list-text mark.kt-highlight{background-color:unset;font-style:normal;color:#f76a0c;-webkit-box-decoration-break:clone;box-decoration-break:clone;padding-top:0px;padding-right:0px;padding-bottom:0px;padding-left:0px;}<\/style>\n<li class=\"wp-block-kadence-listitem kt-svg-icon-list-item-wrap kt-svg-icon-list-item-1060_31a9ae-51\"><span class=\"kb-svg-icon-wrap kb-svg-icon-fe_checkCircle kt-svg-icon-list-single\"><svg viewBox=\"0 0 24 24\"  fill=\"none\" stroke=\"currentColor\" stroke-width=\"2\" stroke-linecap=\"round\" stroke-linejoin=\"round\" xmlns=\"http:\/\/www.w3.org\/2000\/svg\"  aria-hidden=\"true\"><path d=\"M22 11.08V12a10 10 0 1 1-5.93-9.14\"\/><polyline points=\"22 4 12 14.01 9 11.01\"\/><\/svg><\/span><span class=\"kt-svg-icon-list-text\">TEILNEHMER: max. 10<\/span><\/li>\n\n\n<style>.kt-svg-icon-list-item-1060_1eae1e-ba .kt-svg-icon-list-text mark.kt-highlight{background-color:unset;font-style:normal;color:#f76a0c;-webkit-box-decoration-break:clone;box-decoration-break:clone;padding-top:0px;padding-right:0px;padding-bottom:0px;padding-left:0px;}<\/style>\n<li class=\"wp-block-kadence-listitem kt-svg-icon-list-item-wrap kt-svg-icon-list-item-1060_1eae1e-ba\"><span class=\"kb-svg-icon-wrap kb-svg-icon-fe_checkCircle kt-svg-icon-list-single\"><svg viewBox=\"0 0 24 24\"  fill=\"none\" stroke=\"currentColor\" stroke-width=\"2\" stroke-linecap=\"round\" stroke-linejoin=\"round\" xmlns=\"http:\/\/www.w3.org\/2000\/svg\"  aria-hidden=\"true\"><path d=\"M22 11.08V12a10 10 0 1 1-5.93-9.14\"\/><polyline points=\"22 4 12 14.01 9 11.01\"\/><\/svg><\/span><span class=\"kt-svg-icon-list-text\">SPRACHE: Deutsch, Spanisch, basic Englisch<\/span><\/li>\n<\/ul><\/div>\n<\/div><\/div>\n\n<\/div><\/div>\n\n<style>.wp-block-kadence-spacer.kt-block-spacer-1060_d48eed-a6 .kt-block-spacer{height:30px;}.wp-block-kadence-spacer.kt-block-spacer-1060_d48eed-a6 .kt-divider{border-top-width:1px;height:1px;border-top-color:#eee;width:80%;border-top-style:solid;}<\/style>\n<div class=\"wp-block-kadence-spacer aligncenter kt-block-spacer-1060_d48eed-a6\"><div class=\"kt-block-spacer kt-block-spacer-halign-center\"><hr class=\"kt-divider\"\/><\/div><\/div>\n\n\n<style>.kb-row-layout-id1060_d9d7b2-32 > .kt-row-column-wrap{align-content:start;}:where(.kb-row-layout-id1060_d9d7b2-32 > .kt-row-column-wrap) > .wp-block-kadence-column{justify-content:start;}.kb-row-layout-id1060_d9d7b2-32 > .kt-row-column-wrap{column-gap:var(--global-kb-gap-md, 2rem);row-gap:var(--global-kb-gap-md, 2rem);padding-top:var(--global-kb-spacing-sm, 1.5rem);padding-bottom:var(--global-kb-spacing-sm, 1.5rem);grid-template-columns:minmax(0, 1fr);}.kb-row-layout-id1060_d9d7b2-32 > .kt-row-layout-overlay{opacity:0.30;}@media all and (max-width: 1024px){.kb-row-layout-id1060_d9d7b2-32 > .kt-row-column-wrap{grid-template-columns:minmax(0, 1fr);}}@media all and (max-width: 767px){.kb-row-layout-id1060_d9d7b2-32 > .kt-row-column-wrap{grid-template-columns:minmax(0, 1fr);}}<\/style><div class=\"kb-row-layout-wrap kb-row-layout-id1060_d9d7b2-32 alignnone wp-block-kadence-rowlayout\"><div class=\"kt-row-column-wrap kt-has-1-columns kt-row-layout-equal kt-tab-layout-inherit kt-mobile-layout-row kt-row-valign-top\">\n<style>.kadence-column1060_2c21df-e2 > .kt-inside-inner-col{display:flex;}.kadence-column1060_2c21df-e2 > .kt-inside-inner-col,.kadence-column1060_2c21df-e2 > .kt-inside-inner-col:before{border-top-left-radius:0px;border-top-right-radius:0px;border-bottom-right-radius:0px;border-bottom-left-radius:0px;}.kadence-column1060_2c21df-e2 > .kt-inside-inner-col{column-gap:var(--global-kb-gap-sm, 1rem);}.kadence-column1060_2c21df-e2 > .kt-inside-inner-col{flex-direction:column-reverse;}.kadence-column1060_2c21df-e2 > .kt-inside-inner-col > .aligncenter{width:100%;}.kadence-column1060_2c21df-e2 > .kt-inside-inner-col:before{opacity:0.3;}.kadence-column1060_2c21df-e2{position:relative;}@media all and (max-width: 1024px){.kadence-column1060_2c21df-e2 > .kt-inside-inner-col{flex-direction:column-reverse;justify-content:center;}}@media all and (max-width: 767px){.kadence-column1060_2c21df-e2 > .kt-inside-inner-col{flex-direction:column-reverse;justify-content:center;}}<\/style>\n<div class=\"wp-block-kadence-column kadence-column1060_2c21df-e2 kb-section-dir-vertical-reverse\"><div class=\"kt-inside-inner-col\">\n<p>Viele Menschen lieben es zu malen, zu schreiben, zu basteln oder kleine Projekte umzusetzen \u2013 und trotzdem passiert es zu Hause nie. Zu wenig Zeit, zu viele Ablenkungen, keine Ruhe, keine Motivation allein.<\/p>\n<p>Darum \u00f6ffnen wir einmal pro Woche unser <strong>Open Salon<\/strong>: Ein warmer, ruhiger Raum, in dem du einfach mitbringen kannst, woran du arbeiten m\u00f6chtest. Farben, Skizzenbuch, Stickprojekt, Collage \u2013 (fast) alles ist willkommen.<\/p>\n<p>Hier entsteht Kreativit\u00e4t durch Gemeinschaft. Ohne Anleitung, ohne Druck, ohne Erwartungen. Nur ein Tisch, Licht, Musik und andere Menschen, die auch endlich wieder kreativ sein wollen.<\/p>\n<p><strong>Ablauf:<\/strong> \u2013 Ankommen, Tee, eine kleine gemeinsame Einstimmung \u2013 Freies Arbeiten an deinem eigenen Projekt \u2013 Austausch, Inspiration und kleine Impulse aus der Gruppe \u2013 Offenes, sanftes Ende<\/p>\n<p><strong>Lage:<\/strong> Der Kreativ Salon liegt nur <strong>180 Meter von der U\u2011Bahn<\/strong> entfernt und ist auch mit mehreren <strong>Buslinien sehr gut erreichbar<\/strong>.<\/p>\n<\/div><\/div>\n\n<\/div><\/div>\n\n<style>.kb-row-layout-id1060_0da202-c0 > .kt-row-column-wrap{align-content:start;}:where(.kb-row-layout-id1060_0da202-c0 > .kt-row-column-wrap) > .wp-block-kadence-column{justify-content:start;}.kb-row-layout-id1060_0da202-c0 > .kt-row-column-wrap{column-gap:var(--global-kb-gap-md, 2rem);row-gap:var(--global-kb-gap-md, 2rem);padding-top:var(--global-kb-spacing-sm, 1.5rem);padding-bottom:var(--global-kb-spacing-sm, 1.5rem);}.kb-row-layout-id1060_0da202-c0 > .kt-row-column-wrap > div:not(.added-for-specificity){grid-column:initial;}.kb-row-layout-id1060_0da202-c0 > .kt-row-column-wrap{grid-template-columns:repeat(3, minmax(0, 1fr));}.kb-row-layout-id1060_0da202-c0 > .kt-row-layout-overlay{opacity:0.30;}@media all and (max-width: 1024px){.kb-row-layout-id1060_0da202-c0 > .kt-row-column-wrap > div:not(.added-for-specificity){grid-column:initial;}}@media all and (max-width: 1024px){.kb-row-layout-id1060_0da202-c0 > .kt-row-column-wrap{grid-template-columns:repeat(3, minmax(0, 1fr));}}@media all and (max-width: 767px){.kb-row-layout-id1060_0da202-c0 > .kt-row-column-wrap > div:not(.added-for-specificity){grid-column:initial;}.kb-row-layout-id1060_0da202-c0 > .kt-row-column-wrap{grid-template-columns:minmax(0, 1fr);}}<\/style><div class=\"kb-row-layout-wrap kb-row-layout-id1060_0da202-c0 alignnone wp-block-kadence-rowlayout\"><div class=\"kt-row-column-wrap kt-has-3-columns kt-row-layout-equal kt-tab-layout-inherit kt-mobile-layout-row kt-row-valign-top\">\n<style>.kadence-column1060_1a22ef-6d > .kt-inside-inner-col,.kadence-column1060_1a22ef-6d > .kt-inside-inner-col:before{border-top-left-radius:0px;border-top-right-radius:0px;border-bottom-right-radius:0px;border-bottom-left-radius:0px;}.kadence-column1060_1a22ef-6d > .kt-inside-inner-col{column-gap:var(--global-kb-gap-sm, 1rem);}.kadence-column1060_1a22ef-6d > .kt-inside-inner-col{flex-direction:column;}.kadence-column1060_1a22ef-6d > .kt-inside-inner-col > .aligncenter{width:100%;}.kadence-column1060_1a22ef-6d > .kt-inside-inner-col:before{opacity:0.3;}.kadence-column1060_1a22ef-6d{position:relative;}@media all and (max-width: 1024px){.kadence-column1060_1a22ef-6d > .kt-inside-inner-col{flex-direction:column;justify-content:center;}}@media all and (max-width: 767px){.kadence-column1060_1a22ef-6d > .kt-inside-inner-col{flex-direction:column;justify-content:center;}}<\/style>\n<div class=\"wp-block-kadence-column kadence-column1060_1a22ef-6d\"><div class=\"kt-inside-inner-col\"><style>.wp-block-kadence-advancedheading.kt-adv-heading1060_34445c-94, .wp-block-kadence-advancedheading.kt-adv-heading1060_34445c-94[data-kb-block=\"kb-adv-heading1060_34445c-94\"]{font-size:var(--global-kb-font-size-lg, 2rem);font-style:normal;}.wp-block-kadence-advancedheading.kt-adv-heading1060_34445c-94 mark.kt-highlight, .wp-block-kadence-advancedheading.kt-adv-heading1060_34445c-94[data-kb-block=\"kb-adv-heading1060_34445c-94\"] mark.kt-highlight{font-style:normal;color:#f76a0c;-webkit-box-decoration-break:clone;box-decoration-break:clone;padding-top:0px;padding-right:0px;padding-bottom:0px;padding-left:0px;}.wp-block-kadence-advancedheading.kt-adv-heading1060_34445c-94 img.kb-inline-image, .wp-block-kadence-advancedheading.kt-adv-heading1060_34445c-94[data-kb-block=\"kb-adv-heading1060_34445c-94\"] img.kb-inline-image{width:150px;vertical-align:baseline;}<\/style>\n<h2 class=\"kt-adv-heading1060_34445c-94 wp-block-kadence-advancedheading\" data-kb-block=\"kb-adv-heading1060_34445c-94\">F\u00dcR WEN IST DIESER WORKSHOP?<\/h2>\n\n\n\n<p>Ab 16 Jahren. Kinder ab 12 Jahren in Begleitung eines Erwachsenen.<\/p>\n\n\n\n<p>F\u00fcr alle, die kreativ sein m\u00f6chten \u2013 aber zu Hause nie anfangen. <\/p>\n\n\n\n<p>F\u00fcr Menschen, die malen, schreiben, basteln oder gestalten wollen und sich nach einem warmen, ruhigen Raum sehnen, in dem es leichter f\u00e4llt. <\/p>\n\n\n\n<p>F\u00fcr alle, die Gemeinschaft m\u00f6gen, ohne Verpflichtung: Jede bringt <strong>ihr eigenes Material und ihr eigenes Projekt<\/strong> mit und arbeitet in ihrem eigenen Tempo.<\/p>\n<\/div><\/div>\n\n\n<style>.kadence-column1060_010910-5d > .kt-inside-inner-col,.kadence-column1060_010910-5d > .kt-inside-inner-col:before{border-top-left-radius:0px;border-top-right-radius:0px;border-bottom-right-radius:0px;border-bottom-left-radius:0px;}.kadence-column1060_010910-5d > .kt-inside-inner-col{column-gap:var(--global-kb-gap-sm, 1rem);}.kadence-column1060_010910-5d > .kt-inside-inner-col{flex-direction:column;}.kadence-column1060_010910-5d > .kt-inside-inner-col > .aligncenter{width:100%;}.kadence-column1060_010910-5d > .kt-inside-inner-col:before{opacity:0.3;}.kadence-column1060_010910-5d{position:relative;}@media all and (max-width: 1024px){.kadence-column1060_010910-5d > .kt-inside-inner-col{flex-direction:column;justify-content:center;}}@media all and (max-width: 767px){.kadence-column1060_010910-5d > .kt-inside-inner-col{flex-direction:column;justify-content:center;}}<\/style>\n<div class=\"wp-block-kadence-column kadence-column1060_010910-5d\"><div class=\"kt-inside-inner-col\"><style>.wp-block-kadence-advancedheading.kt-adv-heading1060_17d9b0-51, .wp-block-kadence-advancedheading.kt-adv-heading1060_17d9b0-51[data-kb-block=\"kb-adv-heading1060_17d9b0-51\"]{font-size:var(--global-kb-font-size-lg, 2rem);font-style:normal;}.wp-block-kadence-advancedheading.kt-adv-heading1060_17d9b0-51 mark.kt-highlight, .wp-block-kadence-advancedheading.kt-adv-heading1060_17d9b0-51[data-kb-block=\"kb-adv-heading1060_17d9b0-51\"] mark.kt-highlight{font-style:normal;color:#f76a0c;-webkit-box-decoration-break:clone;box-decoration-break:clone;padding-top:0px;padding-right:0px;padding-bottom:0px;padding-left:0px;}.wp-block-kadence-advancedheading.kt-adv-heading1060_17d9b0-51 img.kb-inline-image, .wp-block-kadence-advancedheading.kt-adv-heading1060_17d9b0-51[data-kb-block=\"kb-adv-heading1060_17d9b0-51\"] img.kb-inline-image{width:150px;vertical-align:baseline;}<\/style>\n<h2 class=\"kt-adv-heading1060_17d9b0-51 wp-block-kadence-advancedheading\" data-kb-block=\"kb-adv-heading1060_17d9b0-51\">WAS DICH ERWARTET<\/h2>\n\n\n\n<p>Ein offener Abend im Kreativ Salon, an dem du einfach mit dem kommst, woran du arbeiten m\u00f6chtest: <strong>Farben, Skizzenbuch, Collage, Stickerei, Lettering, kleine Bastelarbeiten oder andere saubere, leicht transportierbare Materialien<\/strong>.<\/p>\n\n\n\n<p><br>Eine sanfte Einstimmung, Tee, Musik und ein liebevoll gestalteter Raum, in dem Kreativit\u00e4t durch N\u00e4he entsteht.<\/p>\n\n\n\n<p><br>Kein Kurs, keine Anleitung \u2013 nur ein Ort, an dem du in Gemeinschaft ins Tun kommst und dich von anderen inspirieren lassen kannst.<\/p>\n<\/div><\/div>\n\n\n<style>.kadence-column1060_277d6e-7e > .kt-inside-inner-col,.kadence-column1060_277d6e-7e > .kt-inside-inner-col:before{border-top-left-radius:0px;border-top-right-radius:0px;border-bottom-right-radius:0px;border-bottom-left-radius:0px;}.kadence-column1060_277d6e-7e > .kt-inside-inner-col{column-gap:var(--global-kb-gap-sm, 1rem);}.kadence-column1060_277d6e-7e > .kt-inside-inner-col{flex-direction:column;}.kadence-column1060_277d6e-7e > .kt-inside-inner-col > .aligncenter{width:100%;}.kadence-column1060_277d6e-7e > .kt-inside-inner-col:before{opacity:0.3;}.kadence-column1060_277d6e-7e{position:relative;}@media all and (max-width: 1024px){.kadence-column1060_277d6e-7e > .kt-inside-inner-col{flex-direction:column;justify-content:center;}}@media all and (max-width: 767px){.kadence-column1060_277d6e-7e > .kt-inside-inner-col{flex-direction:column;justify-content:center;}}<\/style>\n<div class=\"wp-block-kadence-column kadence-column1060_277d6e-7e\"><div class=\"kt-inside-inner-col\"><style>.wp-block-kadence-advancedheading.kt-adv-heading1060_60d7d2-c4, .wp-block-kadence-advancedheading.kt-adv-heading1060_60d7d2-c4[data-kb-block=\"kb-adv-heading1060_60d7d2-c4\"]{font-size:var(--global-kb-font-size-lg, 2rem);font-style:normal;}.wp-block-kadence-advancedheading.kt-adv-heading1060_60d7d2-c4 mark.kt-highlight, .wp-block-kadence-advancedheading.kt-adv-heading1060_60d7d2-c4[data-kb-block=\"kb-adv-heading1060_60d7d2-c4\"] mark.kt-highlight{font-style:normal;color:#f76a0c;-webkit-box-decoration-break:clone;box-decoration-break:clone;padding-top:0px;padding-right:0px;padding-bottom:0px;padding-left:0px;}.wp-block-kadence-advancedheading.kt-adv-heading1060_60d7d2-c4 img.kb-inline-image, .wp-block-kadence-advancedheading.kt-adv-heading1060_60d7d2-c4[data-kb-block=\"kb-adv-heading1060_60d7d2-c4\"] img.kb-inline-image{width:150px;vertical-align:baseline;}<\/style>\n<h2 class=\"kt-adv-heading1060_60d7d2-c4 wp-block-kadence-advancedheading\" data-kb-block=\"kb-adv-heading1060_60d7d2-c4\">Was du mitnimmst<\/h2>\n\n\n\n<p>Ein St\u00fcck Zeit nur f\u00fcr dich \u2013 und das gute Gef\u00fchl, endlich an deinem Projekt weitergearbeitet zu haben.<\/p>\n\n\n\n<p><br>Neue Impulse, kleine Entdeckungen und vielleicht ein Austausch, der dich weiterbringt.<\/p>\n\n\n\n<p><br>Ein ruhiger Abend, der dich n\u00e4hrt und dir zeigt, wie wohltuend Kreativit\u00e4t in Gemeinschaft sein kann.<\/p>\n<\/div><\/div>\n\n<\/div><\/div>\n\n\n<figure class=\"wp-block-gallery has-nested-images columns-default is-cropped wp-block-gallery-1 is-layout-flex wp-block-gallery-is-layout-flex\">\n<figure class=\"wp-block-image size-large\"><img loading=\"lazy\" decoding=\"async\" width=\"1024\" height=\"576\" data-id=\"700\" src=\"http:\/\/kreativsalon-berlin.de\/wp-content\/uploads\/2026\/03\/Handfaecherworkshop-Malpalette-1024x576.webp\" alt=\"\" class=\"wp-image-700\" srcset=\"https:\/\/kreativsalon-berlin.de\/wp-content\/uploads\/2026\/03\/Handfaecherworkshop-Malpalette-1024x576.webp 1024w, https:\/\/kreativsalon-berlin.de\/wp-content\/uploads\/2026\/03\/Handfaecherworkshop-Malpalette-300x169.webp 300w, https:\/\/kreativsalon-berlin.de\/wp-content\/uploads\/2026\/03\/Handfaecherworkshop-Malpalette-768x432.webp 768w, https:\/\/kreativsalon-berlin.de\/wp-content\/uploads\/2026\/03\/Handfaecherworkshop-Malpalette.webp 1200w\" sizes=\"auto, (max-width: 1024px) 100vw, 1024px\" \/><\/figure>\n\n\n\n<figure class=\"wp-block-image size-large\"><img loading=\"lazy\" decoding=\"async\" width=\"809\" height=\"1024\" data-id=\"1066\" src=\"https:\/\/kreativsalon-berlin.de\/wp-content\/uploads\/2026\/04\/Mandala-1-809x1024.webp\" alt=\"\" class=\"wp-image-1066\" srcset=\"https:\/\/kreativsalon-berlin.de\/wp-content\/uploads\/2026\/04\/Mandala-1-809x1024.webp 809w, https:\/\/kreativsalon-berlin.de\/wp-content\/uploads\/2026\/04\/Mandala-1-237x300.webp 237w, https:\/\/kreativsalon-berlin.de\/wp-content\/uploads\/2026\/04\/Mandala-1-768x973.webp 768w, https:\/\/kreativsalon-berlin.de\/wp-content\/uploads\/2026\/04\/Mandala-1-9x12.webp 9w, https:\/\/kreativsalon-berlin.de\/wp-content\/uploads\/2026\/04\/Mandala-1.webp 1134w\" sizes=\"auto, (max-width: 809px) 100vw, 809px\" \/><\/figure>\n\n\n\n<figure class=\"wp-block-image size-full\"><img loading=\"lazy\" decoding=\"async\" width=\"480\" height=\"683\" data-id=\"1102\" src=\"https:\/\/kreativsalon-berlin.de\/wp-content\/uploads\/2026\/04\/Mindful_kreativSalon.webp\" alt=\"OPEN Salon - Jeder hat sein Tempo\" class=\"wp-image-1102\" srcset=\"https:\/\/kreativsalon-berlin.de\/wp-content\/uploads\/2026\/04\/Mindful_kreativSalon.webp 480w, https:\/\/kreativsalon-berlin.de\/wp-content\/uploads\/2026\/04\/Mindful_kreativSalon-211x300.webp 211w, https:\/\/kreativsalon-berlin.de\/wp-content\/uploads\/2026\/04\/Mindful_kreativSalon-8x12.webp 8w\" sizes=\"auto, (max-width: 480px) 100vw, 480px\" \/><\/figure>\n<\/figure>\n\n\n<style>.wp-block-kadence-advancedheading.kt-adv-heading1060_cf47b8-a9, .wp-block-kadence-advancedheading.kt-adv-heading1060_cf47b8-a9[data-kb-block=\"kb-adv-heading1060_cf47b8-a9\"]{font-size:var(--global-kb-font-size-lg, 2rem);font-style:normal;}.wp-block-kadence-advancedheading.kt-adv-heading1060_cf47b8-a9 mark.kt-highlight, .wp-block-kadence-advancedheading.kt-adv-heading1060_cf47b8-a9[data-kb-block=\"kb-adv-heading1060_cf47b8-a9\"] mark.kt-highlight{font-style:normal;color:#f76a0c;-webkit-box-decoration-break:clone;box-decoration-break:clone;padding-top:0px;padding-right:0px;padding-bottom:0px;padding-left:0px;}.wp-block-kadence-advancedheading.kt-adv-heading1060_cf47b8-a9 img.kb-inline-image, .wp-block-kadence-advancedheading.kt-adv-heading1060_cf47b8-a9[data-kb-block=\"kb-adv-heading1060_cf47b8-a9\"] img.kb-inline-image{width:150px;vertical-align:baseline;}<\/style>\n<h2 class=\"kt-adv-heading1060_cf47b8-a9 wp-block-kadence-advancedheading\" data-kb-block=\"kb-adv-heading1060_cf47b8-a9\">INFOS PRAKTISCHES<\/h2>\n\n\n<style>.kb-row-layout-id1060_f27a70-44 > .kt-row-column-wrap{align-content:start;}:where(.kb-row-layout-id1060_f27a70-44 > .kt-row-column-wrap) > .wp-block-kadence-column{justify-content:start;}.kb-row-layout-id1060_f27a70-44 > .kt-row-column-wrap{column-gap:var(--global-kb-gap-md, 2rem);row-gap:var(--global-kb-gap-md, 2rem);padding-top:var(--global-kb-spacing-sm, 1.5rem);padding-bottom:var(--global-kb-spacing-sm, 1.5rem);grid-template-columns:repeat(2, minmax(0, 1fr));}.kb-row-layout-id1060_f27a70-44 > .kt-row-layout-overlay{opacity:0.30;}@media all and (max-width: 1024px){.kb-row-layout-id1060_f27a70-44 > .kt-row-column-wrap{grid-template-columns:repeat(2, minmax(0, 1fr));}}@media all and (max-width: 767px){.kb-row-layout-id1060_f27a70-44 > .kt-row-column-wrap{grid-template-columns:minmax(0, 1fr);}}<\/style><div class=\"kb-row-layout-wrap kb-row-layout-id1060_f27a70-44 alignnone wp-block-kadence-rowlayout\"><div class=\"kt-row-column-wrap kt-has-2-columns kt-row-layout-equal kt-tab-layout-inherit kt-mobile-layout-row kt-row-valign-top\">\n<style>.kadence-column1060_f640f0-66 > .kt-inside-inner-col,.kadence-column1060_f640f0-66 > .kt-inside-inner-col:before{border-top-left-radius:0px;border-top-right-radius:0px;border-bottom-right-radius:0px;border-bottom-left-radius:0px;}.kadence-column1060_f640f0-66 > .kt-inside-inner-col{column-gap:var(--global-kb-gap-sm, 1rem);}.kadence-column1060_f640f0-66 > .kt-inside-inner-col{flex-direction:column;}.kadence-column1060_f640f0-66 > .kt-inside-inner-col > .aligncenter{width:100%;}.kadence-column1060_f640f0-66 > .kt-inside-inner-col:before{opacity:0.3;}.kadence-column1060_f640f0-66{position:relative;}@media all and (max-width: 1024px){.kadence-column1060_f640f0-66 > .kt-inside-inner-col{flex-direction:column;justify-content:center;}}@media all and (max-width: 767px){.kadence-column1060_f640f0-66 > .kt-inside-inner-col{flex-direction:column;justify-content:center;}}<\/style>\n<div class=\"wp-block-kadence-column kadence-column1060_f640f0-66\"><div class=\"kt-inside-inner-col\">\n<ul>\n<li>\n<p>Dauer: maximal 2,5 Stunden<\/p>\n<\/li>\n<li>\n<p>Preis: Spende &#8211; Dein Beitrag entspricht dem Wert, den du mitnimmst und hilft, den Salon lebendig zu halten.<\/p>\n<\/li>\n<li>\n<p>Gruppengr\u00f6\u00dfe: maximal 10 personen.<\/p>\n<\/li>\n<li>Anmeldung per E-Mail n\u00f6tig. Bitte gib an, welches Material und welches Projekt du mitbringst, damit wir gen\u00fcgend Platz und eine passende Atmosph\u00e4re vorbereiten k\u00f6nnen.\n<p><span style=\"font-size: revert;\">salon@kreativsalon-berlin.de<\/span><\/li>\n<\/ul>\n<\/div><\/div>\n\n\n<style>.kadence-column1060_8a76eb-11 > .kt-inside-inner-col,.kadence-column1060_8a76eb-11 > .kt-inside-inner-col:before{border-top-left-radius:0px;border-top-right-radius:0px;border-bottom-right-radius:0px;border-bottom-left-radius:0px;}.kadence-column1060_8a76eb-11 > .kt-inside-inner-col{column-gap:var(--global-kb-gap-sm, 1rem);}.kadence-column1060_8a76eb-11 > .kt-inside-inner-col{flex-direction:column;}.kadence-column1060_8a76eb-11 > .kt-inside-inner-col > .aligncenter{width:100%;}.kadence-column1060_8a76eb-11 > .kt-inside-inner-col:before{opacity:0.3;}.kadence-column1060_8a76eb-11{position:relative;}@media all and (max-width: 1024px){.kadence-column1060_8a76eb-11 > .kt-inside-inner-col{flex-direction:column;justify-content:center;}}@media all and (max-width: 767px){.kadence-column1060_8a76eb-11 > .kt-inside-inner-col{flex-direction:column;justify-content:center;}}<\/style>\n<div class=\"wp-block-kadence-column kadence-column1060_8a76eb-11\"><div class=\"kt-inside-inner-col\">\n<ul>\n<li>\n<p>Ort: Kreativ Salon, Solmsstr. 41, 10961 Berlin.<br \/>U7-Gneisenaustra\u00dfe<br \/>BUS: 140, 248<\/p>\n<\/li>\n<li>\n<p>Material: Du bringst dein Material und Projekt mit: Farben, Skizzenbuch, Collage, Stickerei, Lettering, kleine Bastelarbeiten oder andere saubere, leicht transportierbare Materialien.<\/p>\n<\/li>\n<li>\n<p>N\u00e4chste Termine:<br \/>30.04.2026<br \/>07.05.2026<br \/>14.05.2026 &#8211; f\u00e4llt aus !!<br \/>21.05.2026<br \/>28.05.2026<\/p>\n<\/li>\n<\/ul>\n<\/div><\/div>\n\n<\/div><\/div>\n\n<style>.kb-row-layout-id1060_bdc162-0b > .kt-row-column-wrap{align-content:start;}:where(.kb-row-layout-id1060_bdc162-0b > .kt-row-column-wrap) > .wp-block-kadence-column{justify-content:start;}.kb-row-layout-id1060_bdc162-0b > .kt-row-column-wrap{column-gap:var(--global-kb-gap-md, 2rem);row-gap:var(--global-kb-gap-md, 2rem);padding-top:var(--global-kb-spacing-sm, 1.5rem);padding-bottom:var(--global-kb-spacing-sm, 1.5rem);grid-template-columns:minmax(0, 1fr);}.kb-row-layout-id1060_bdc162-0b > .kt-row-layout-overlay{opacity:0.30;}@media all and (max-width: 1024px){.kb-row-layout-id1060_bdc162-0b > .kt-row-column-wrap{grid-template-columns:minmax(0, 1fr);}}@media all and (max-width: 767px){.kb-row-layout-id1060_bdc162-0b > .kt-row-column-wrap{grid-template-columns:minmax(0, 1fr);}}<\/style><div class=\"kb-row-layout-wrap kb-row-layout-id1060_bdc162-0b alignnone wp-block-kadence-rowlayout\"><div class=\"kt-row-column-wrap kt-has-1-columns kt-row-layout-equal kt-tab-layout-inherit kt-mobile-layout-row kt-row-valign-top\">\n<style>.kadence-column1060_1d3fbe-ff > .kt-inside-inner-col,.kadence-column1060_1d3fbe-ff > .kt-inside-inner-col:before{border-top-left-radius:0px;border-top-right-radius:0px;border-bottom-right-radius:0px;border-bottom-left-radius:0px;}.kadence-column1060_1d3fbe-ff > .kt-inside-inner-col{column-gap:var(--global-kb-gap-sm, 1rem);}.kadence-column1060_1d3fbe-ff > .kt-inside-inner-col{flex-direction:column;}.kadence-column1060_1d3fbe-ff > .kt-inside-inner-col > .aligncenter{width:100%;}.kadence-column1060_1d3fbe-ff > .kt-inside-inner-col:before{opacity:0.3;}.kadence-column1060_1d3fbe-ff{position:relative;}@media all and (max-width: 1024px){.kadence-column1060_1d3fbe-ff > .kt-inside-inner-col{flex-direction:column;justify-content:center;}}@media all and (max-width: 767px){.kadence-column1060_1d3fbe-ff > .kt-inside-inner-col{flex-direction:column;justify-content:center;}}<\/style>\n<div class=\"wp-block-kadence-column kadence-column1060_1d3fbe-ff\"><div class=\"kt-inside-inner-col\">\n<p><strong>Bereit f\u00fcr einen kreativen Moment nur f\u00fcr dich?<\/strong> <br \/><strong>Schreib uns eine E\u2011Mail, um deinen Platz zu reservieren. Anmeldung erforderlich!<\/strong><\/p>\n<p>salon@kreativsalon-berlin.de<\/p>\n<\/div><\/div>\n\n<\/div><\/div>\n\n<style>.kb-row-layout-id1060_680f34-fb > .kt-row-column-wrap{align-content:start;}:where(.kb-row-layout-id1060_680f34-fb > .kt-row-column-wrap) > .wp-block-kadence-column{justify-content:start;}.kb-row-layout-id1060_680f34-fb > .kt-row-column-wrap{column-gap:var(--global-kb-gap-md, 2rem);row-gap:var(--global-kb-gap-md, 2rem);padding-top:var(--global-kb-spacing-sm, 1.5rem);padding-bottom:var(--global-kb-spacing-sm, 1.5rem);grid-template-columns:minmax(0, 1fr) minmax(0, 2fr);}.kb-row-layout-id1060_680f34-fb > .kt-row-layout-overlay{opacity:0.30;}@media all and (max-width: 1024px){.kb-row-layout-id1060_680f34-fb > .kt-row-column-wrap{grid-template-columns:minmax(0, 1fr) minmax(0, 2fr);}}@media all and (max-width: 767px){.kb-row-layout-id1060_680f34-fb > .kt-row-column-wrap{grid-template-columns:minmax(0, 1fr);}}<\/style><div class=\"kb-row-layout-wrap kb-row-layout-id1060_680f34-fb alignnone wp-block-kadence-rowlayout\"><div class=\"kt-row-column-wrap kt-has-2-columns kt-row-layout-right-golden kt-tab-layout-inherit kt-mobile-layout-row kt-row-valign-top\">\n<style>.kadence-column1060_2b9090-ee > .kt-inside-inner-col,.kadence-column1060_2b9090-ee > .kt-inside-inner-col:before{border-top-left-radius:0px;border-top-right-radius:0px;border-bottom-right-radius:0px;border-bottom-left-radius:0px;}.kadence-column1060_2b9090-ee > .kt-inside-inner-col{column-gap:var(--global-kb-gap-sm, 1rem);}.kadence-column1060_2b9090-ee > .kt-inside-inner-col{flex-direction:column;}.kadence-column1060_2b9090-ee > .kt-inside-inner-col > .aligncenter{width:100%;}.kadence-column1060_2b9090-ee > .kt-inside-inner-col:before{opacity:0.3;}.kadence-column1060_2b9090-ee{position:relative;}@media all and (max-width: 1024px){.kadence-column1060_2b9090-ee > .kt-inside-inner-col{flex-direction:column;justify-content:center;}}@media all and (max-width: 767px){.kadence-column1060_2b9090-ee > .kt-inside-inner-col{flex-direction:column;justify-content:center;}}<\/style>\n<div class=\"wp-block-kadence-column kadence-column1060_2b9090-ee\"><div class=\"kt-inside-inner-col\">\n<figure class=\"wp-block-gallery has-nested-images columns-default is-cropped wp-block-gallery-2 is-layout-flex wp-block-gallery-is-layout-flex\">\n<figure class=\"wp-block-image size-full\"><img loading=\"lazy\" decoding=\"async\" width=\"502\" height=\"682\" data-id=\"901\" src=\"https:\/\/kreativsalon-berlin.de\/wp-content\/uploads\/2026\/04\/Esther_Chiara-Doveri-.webp\" alt=\"Esther (Handf\u00e4cher Canela)\nBild von Chiara Doveri\" class=\"wp-image-901\" title=\"Bildautorin: Chiara Doveri\" srcset=\"https:\/\/kreativsalon-berlin.de\/wp-content\/uploads\/2026\/04\/Esther_Chiara-Doveri-.webp 502w, https:\/\/kreativsalon-berlin.de\/wp-content\/uploads\/2026\/04\/Esther_Chiara-Doveri--221x300.webp 221w, https:\/\/kreativsalon-berlin.de\/wp-content\/uploads\/2026\/04\/Esther_Chiara-Doveri--9x12.webp 9w\" sizes=\"auto, (max-width: 502px) 100vw, 502px\" \/><\/figure>\n<\/figure>\n<\/div><\/div>\n\n\n<style>.kadence-column1060_bf24a7-47 > .kt-inside-inner-col,.kadence-column1060_bf24a7-47 > .kt-inside-inner-col:before{border-top-left-radius:0px;border-top-right-radius:0px;border-bottom-right-radius:0px;border-bottom-left-radius:0px;}.kadence-column1060_bf24a7-47 > .kt-inside-inner-col{column-gap:var(--global-kb-gap-sm, 1rem);}.kadence-column1060_bf24a7-47 > .kt-inside-inner-col{flex-direction:column;}.kadence-column1060_bf24a7-47 > .kt-inside-inner-col > .aligncenter{width:100%;}.kadence-column1060_bf24a7-47 > .kt-inside-inner-col:before{opacity:0.3;}.kadence-column1060_bf24a7-47{position:relative;}@media all and (max-width: 1024px){.kadence-column1060_bf24a7-47 > .kt-inside-inner-col{flex-direction:column;justify-content:center;}}@media all and (max-width: 767px){.kadence-column1060_bf24a7-47 > .kt-inside-inner-col{flex-direction:column;justify-content:center;}}<\/style>\n<div class=\"wp-block-kadence-column kadence-column1060_bf24a7-47\"><div class=\"kt-inside-inner-col\">\n<p><strong>Esther Ramos <\/strong>&#8211; Seit 2014 leite ich Handf\u00e4cher Canela und bewege mich t\u00e4glich zwischen Handwerk, Farbe und kleinen kreativen Ritualen. Als Mitgr\u00fcnderin des Kreativ Salons habe ich diesen Raum geschaffen, um Menschen zusammenzubringen, die im Alltag kaum zum Gestalten kommen. Im Open Salon \u00f6ffne ich dir die T\u00fcren unseres Salons, damit du dich wie zu Hause f\u00fchlst \u2013 ein Abend zum Ankommen, Durchatmen und kreativ Werden, in Gemeinschaft und W\u00e4rme.<\/p>\n<\/div><\/div>\n\n<\/div><\/div>\n\n\n<p><\/p>\n","protected":false},"excerpt":{"rendered":"<p>OPEN SALON &#8211; Kreativ werden in Gemeinschaft Ein offener Kreativabend im Kreativ Salon Berlin. Viele Menschen lieben es zu malen, zu schreiben, zu basteln oder kleine Projekte umzusetzen \u2013 und trotzdem passiert es zu Hause nie. Zu wenig Zeit, zu viele Ablenkungen, keine Ruhe, keine Motivation allein. Darum \u00f6ffnen wir einmal pro Woche unser Open&#8230;<\/p>","protected":false},"author":1,"featured_media":661,"parent":0,"menu_order":0,"comment_status":"closed","ping_status":"closed","template":"","meta":{"_kadence_starter_templates_imported_post":false,"_kad_post_transparent":"","_kad_post_title":"","_kad_post_layout":"default","_kad_post_sidebar_id":"","_kad_post_content_style":"","_kad_post_vertical_padding":"","_kad_post_feature":"","_kad_post_feature_position":"","_kad_post_header":false,"_kad_post_footer":false,"_kad_post_classname":"","footnotes":""},"class_list":["post-1060","page","type-page","status-publish","has-post-thumbnail","hentry"],"_links":{"self":[{"href":"https:\/\/kreativsalon-berlin.de\/es\/wp-json\/wp\/v2\/pages\/1060","targetHints":{"allow":["GET"]}}],"collection":[{"href":"https:\/\/kreativsalon-berlin.de\/es\/wp-json\/wp\/v2\/pages"}],"about":[{"href":"https:\/\/kreativsalon-berlin.de\/es\/wp-json\/wp\/v2\/types\/page"}],"author":[{"embeddable":true,"href":"https:\/\/kreativsalon-berlin.de\/es\/wp-json\/wp\/v2\/users\/1"}],"replies":[{"embeddable":true,"href":"https:\/\/kreativsalon-berlin.de\/es\/wp-json\/wp\/v2\/comments?post=1060"}],"version-history":[{"count":10,"href":"https:\/\/kreativsalon-berlin.de\/es\/wp-json\/wp\/v2\/pages\/1060\/revisions"}],"predecessor-version":[{"id":1106,"href":"https:\/\/kreativsalon-berlin.de\/es\/wp-json\/wp\/v2\/pages\/1060\/revisions\/1106"}],"wp:featuredmedia":[{"embeddable":true,"href":"https:\/\/kreativsalon-berlin.de\/es\/wp-json\/wp\/v2\/media\/661"}],"wp:attachment":[{"href":"https:\/\/kreativsalon-berlin.de\/es\/wp-json\/wp\/v2\/media?parent=1060"}],"curies":[{"name":"wp","href":"https:\/\/api.w.org\/{rel}","templated":true}]}}